{"id":337,"date":"2021-10-14T21:33:06","date_gmt":"2021-10-14T21:33:06","guid":{"rendered":"https:\/\/xn--mtterpflege-kaltenkirchen-fwc.de\/?page_id=337"},"modified":"2024-11-04T11:40:16","modified_gmt":"2024-11-04T11:40:16","slug":"das-neue-museum-oeffnet-seine-tueren-2-3","status":"publish","type":"page","link":"https:\/\/xn--mtterpflege-kaltenkirchen-fwc.de\/?page_id=337","title":{"rendered":"Impressum\/Datenschutz"},"content":{"rendered":"\t\t<div data-elementor-type=\"wp-page\" data-elementor-id=\"337\" class=\"elementor elementor-337\" data-elementor-post-type=\"page\">\n\t\t\t\t\t\t<section class=\"elementor-section elementor-top-section elementor-element elementor-element-72739bea elementor-section-boxed elementor-section-height-default elementor-section-height-default\" data-id=\"72739bea\" data-element_type=\"section\" data-settings=\"{&quot;background_background&quot;:&quot;slideshow&quot;,&quot;background_slideshow_gallery&quot;:[{&quot;id&quot;:51,&quot;url&quot;:&quot;https:\\\/\\\/xn--mtterpflege-kaltenkirchen-fwc.de\\\/wp-content\\\/uploads\\\/2021\\\/09\\\/Hintergrund-Mamaherz-1-e1633096342399.jpg&quot;}],&quot;background_slideshow_loop&quot;:&quot;yes&quot;,&quot;background_slideshow_slide_duration&quot;:5000,&quot;background_slideshow_slide_transition&quot;:&quot;fade&quot;,&quot;background_slideshow_transition_duration&quot;:500}\">\n\t\t\t\t\t\t<div class=\"elementor-container elementor-column-gap-default\">\n\t\t\t\t\t<div class=\"elementor-column elementor-col-25 elementor-top-column elementor-element elementor-element-743318e0\" data-id=\"743318e0\" data-element_type=\"column\">\n\t\t\t<div class=\"elementor-widget-wrap elementor-element-populated\">\n\t\t\t\t\t\t<div class=\"elementor-element elementor-element-23977a0 elementor-widget elementor-widget-heading\" data-id=\"23977a0\" data-element_type=\"widget\" data-widget_type=\"heading.default\">\n\t\t\t\t\t<h1 class=\"elementor-heading-title elementor-size-default\">Impressum\/Datenschutz<\/h1>\t\t\t\t<\/div>\n\t\t\t\t\t<\/div>\n\t\t<\/div>\n\t\t\t\t<div class=\"elementor-column elementor-col-50 elementor-top-column elementor-element elementor-element-751630be\" data-id=\"751630be\" data-element_type=\"column\">\n\t\t\t<div class=\"elementor-widget-wrap elementor-element-populated\">\n\t\t\t\t\t\t<div class=\"elementor-element elementor-element-7c8bcd18 elementor-widget elementor-widget-image\" data-id=\"7c8bcd18\" data-element_type=\"widget\" data-widget_type=\"image.default\">\n\t\t\t\t\t\t\t\t\t\t\t\t\t\t\t<img fetchpriority=\"high\" decoding=\"async\" width=\"580\" height=\"335\" src=\"https:\/\/xn--mtterpflege-kaltenkirchen-fwc.de\/wp-content\/uploads\/2021\/09\/Logo-Mamaherz-e1633007914795-1024x591.png\" class=\"attachment-large size-large wp-image-44\" alt=\"\" srcset=\"https:\/\/xn--mtterpflege-kaltenkirchen-fwc.de\/wp-content\/uploads\/2021\/09\/Logo-Mamaherz-e1633007914795-1024x591.png 1024w, https:\/\/xn--mtterpflege-kaltenkirchen-fwc.de\/wp-content\/uploads\/2021\/09\/Logo-Mamaherz-e1633007914795-300x173.png 300w, https:\/\/xn--mtterpflege-kaltenkirchen-fwc.de\/wp-content\/uploads\/2021\/09\/Logo-Mamaherz-e1633007914795-768x443.png 768w, https:\/\/xn--mtterpflege-kaltenkirchen-fwc.de\/wp-content\/uploads\/2021\/09\/Logo-Mamaherz-e1633007914795-1536x887.png 1536w, https:\/\/xn--mtterpflege-kaltenkirchen-fwc.de\/wp-content\/uploads\/2021\/09\/Logo-Mamaherz-e1633007914795-2048x1182.png 2048w, https:\/\/xn--mtterpflege-kaltenkirchen-fwc.de\/wp-content\/uploads\/2021\/09\/Logo-Mamaherz-e1633007914795-1200x693.png 1200w, https:\/\/xn--mtterpflege-kaltenkirchen-fwc.de\/wp-content\/uploads\/2021\/09\/Logo-Mamaherz-e1633007914795-1980x1143.png 1980w\" sizes=\"(max-width: 580px) 100vw, 580px\" \/>\t\t\t\t\t\t\t\t\t\t\t\t\t\t\t<\/div>\n\t\t\t\t\t<\/div>\n\t\t<\/div>\n\t\t\t\t<div class=\"elementor-column elementor-col-25 elementor-top-column elementor-element elementor-element-2d95cc6e\" data-id=\"2d95cc6e\" data-element_type=\"column\">\n\t\t\t<div class=\"elementor-widget-wrap elementor-element-populated\">\n\t\t\t\t\t\t<div class=\"elementor-element elementor-element-63181451 elementor-nav-menu__align-center elementor-widget__width-initial elementor-fixed elementor-nav-menu--dropdown-tablet elementor-nav-menu__text-align-aside elementor-nav-menu--toggle elementor-nav-menu--burger elementor-widget elementor-widget-nav-menu\" data-id=\"63181451\" data-element_type=\"widget\" data-settings=\"{&quot;_position&quot;:&quot;fixed&quot;,&quot;layout&quot;:&quot;horizontal&quot;,&quot;submenu_icon&quot;:{&quot;value&quot;:&quot;&lt;svg aria-hidden=\\&quot;true\\&quot; class=\\&quot;e-font-icon-svg e-fas-caret-down\\&quot; viewBox=\\&quot;0 0 320 512\\&quot; xmlns=\\&quot;http:\\\/\\\/www.w3.org\\\/2000\\\/svg\\&quot;&gt;&lt;path d=\\&quot;M31.3 192h257.3c17.8 0 26.7 21.5 14.1 34.1L174.1 354.8c-7.8 7.8-20.5 7.8-28.3 0L17.2 226.1C4.6 213.5 13.5 192 31.3 192z\\&quot;&gt;&lt;\\\/path&gt;&lt;\\\/svg&gt;&quot;,&quot;library&quot;:&quot;fa-solid&quot;},&quot;toggle&quot;:&quot;burger&quot;}\" data-widget_type=\"nav-menu.default\">\n\t\t\t\t\t\t\t\t<nav aria-label=\"Men\u00fc\" class=\"elementor-nav-menu--main elementor-nav-menu__container elementor-nav-menu--layout-horizontal e--pointer-overline e--animation-fade\">\n\t\t\t\t<ul id=\"menu-1-63181451\" class=\"elementor-nav-menu\"><li class=\"menu-item menu-item-type-post_type menu-item-object-page menu-item-home menu-item-87\"><a href=\"https:\/\/xn--mtterpflege-kaltenkirchen-fwc.de\/\" class=\"elementor-item\">Startseite<\/a><\/li>\n<li class=\"menu-item menu-item-type-post_type menu-item-object-page menu-item-230\"><a href=\"https:\/\/xn--mtterpflege-kaltenkirchen-fwc.de\/?page_id=228\" class=\"elementor-item\">Aufgaben<\/a><\/li>\n<li class=\"menu-item menu-item-type-post_type menu-item-object-page menu-item-274\"><a href=\"https:\/\/xn--mtterpflege-kaltenkirchen-fwc.de\/?page_id=272\" class=\"elementor-item\">Kontakt<\/a><\/li>\n<li class=\"menu-item menu-item-type-post_type menu-item-object-page menu-item-340\"><a href=\"https:\/\/xn--mtterpflege-kaltenkirchen-fwc.de\/?page_id=337\" class=\"elementor-item\">Impressum\/Datenschutz<\/a><\/li>\n<\/ul>\t\t\t<\/nav>\n\t\t\t\t\t<div class=\"elementor-menu-toggle\" role=\"button\" tabindex=\"0\" aria-label=\"Men\u00fc Umschalter\" aria-expanded=\"false\">\n\t\t\t<svg aria-hidden=\"true\" role=\"presentation\" class=\"elementor-menu-toggle__icon--open e-font-icon-svg e-eicon-menu-bar\" viewBox=\"0 0 1000 1000\" xmlns=\"http:\/\/www.w3.org\/2000\/svg\"><path d=\"M104 333H896C929 333 958 304 958 271S929 208 896 208H104C71 208 42 237 42 271S71 333 104 333ZM104 583H896C929 583 958 554 958 521S929 458 896 458H104C71 458 42 487 42 521S71 583 104 583ZM104 833H896C929 833 958 804 958 771S929 708 896 708H104C71 708 42 737 42 771S71 833 104 833Z\"><\/path><\/svg><svg aria-hidden=\"true\" role=\"presentation\" class=\"elementor-menu-toggle__icon--close e-font-icon-svg e-eicon-close\" viewBox=\"0 0 1000 1000\" xmlns=\"http:\/\/www.w3.org\/2000\/svg\"><path d=\"M742 167L500 408 258 167C246 154 233 150 217 150 196 150 179 158 167 167 154 179 150 196 150 212 150 229 154 242 171 254L408 500 167 742C138 771 138 800 167 829 196 858 225 858 254 829L496 587 738 829C750 842 767 846 783 846 800 846 817 842 829 829 842 817 846 804 846 783 846 767 842 750 829 737L588 500 833 258C863 229 863 200 833 171 804 137 775 137 742 167Z\"><\/path><\/svg>\t\t<\/div>\n\t\t\t\t\t<nav class=\"elementor-nav-menu--dropdown elementor-nav-menu__container\" aria-hidden=\"true\">\n\t\t\t\t<ul id=\"menu-2-63181451\" class=\"elementor-nav-menu\"><li class=\"menu-item menu-item-type-post_type menu-item-object-page menu-item-home menu-item-87\"><a href=\"https:\/\/xn--mtterpflege-kaltenkirchen-fwc.de\/\" class=\"elementor-item\" tabindex=\"-1\">Startseite<\/a><\/li>\n<li class=\"menu-item menu-item-type-post_type menu-item-object-page menu-item-230\"><a href=\"https:\/\/xn--mtterpflege-kaltenkirchen-fwc.de\/?page_id=228\" class=\"elementor-item\" tabindex=\"-1\">Aufgaben<\/a><\/li>\n<li class=\"menu-item menu-item-type-post_type menu-item-object-page menu-item-274\"><a href=\"https:\/\/xn--mtterpflege-kaltenkirchen-fwc.de\/?page_id=272\" class=\"elementor-item\" tabindex=\"-1\">Kontakt<\/a><\/li>\n<li class=\"menu-item menu-item-type-post_type menu-item-object-page menu-item-340\"><a href=\"https:\/\/xn--mtterpflege-kaltenkirchen-fwc.de\/?page_id=337\" class=\"elementor-item\" tabindex=\"-1\">Impressum\/Datenschutz<\/a><\/li>\n<\/ul>\t\t\t<\/nav>\n\t\t\t\t\t\t<\/div>\n\t\t\t\t\t<\/div>\n\t\t<\/div>\n\t\t\t\t\t<\/div>\n\t\t<\/section>\n\t\t\t\t<section class=\"elementor-section elementor-top-section elementor-element elementor-element-7de03d9 elementor-section-boxed elementor-section-height-default elementor-section-height-default\" data-id=\"7de03d9\" data-element_type=\"section\" data-settings=\"{&quot;background_background&quot;:&quot;classic&quot;}\">\n\t\t\t\t\t\t<div class=\"elementor-container elementor-column-gap-default\">\n\t\t\t\t\t<div class=\"elementor-column elementor-col-100 elementor-top-column elementor-element elementor-element-b834ad8\" data-id=\"b834ad8\" data-element_type=\"column\">\n\t\t\t<div class=\"elementor-widget-wrap elementor-element-populated\">\n\t\t\t\t\t\t<div class=\"elementor-element elementor-element-f43b61d elementor-widget elementor-widget-heading\" data-id=\"f43b61d\" data-element_type=\"widget\" data-widget_type=\"heading.default\">\n\t\t\t\t\t<h2 class=\"elementor-heading-title elementor-size-default\">Datenschutz<\/h2>\t\t\t\t<\/div>\n\t\t\t\t<div class=\"elementor-element elementor-element-4af108c elementor-widget elementor-widget-wp-widget-custom_html\" data-id=\"4af108c\" data-element_type=\"widget\" data-widget_type=\"wp-widget-custom_html.default\">\n\t\t\t\t<div class=\"elementor-widget-container\">\n\t\t\t\t\t<div class=\"textwidget custom-html-widget\"> \r\n<h1>Datenschutzerkl&auml;rung<\/h1>\r\n<h2>1. Datenschutz auf einen Blick<\/h2>\r\n<h3>Allgemeine Hinweise<\/h3> <p>Die folgenden Hinweise geben einen einfachen &Uuml;berblick dar&uuml;ber, was mit Ihren personenbezogenen Daten passiert, wenn Sie diese Website besuchen. Personenbezogene Daten sind alle Daten, mit denen Sie pers&ouml;nlich identifiziert werden k&ouml;nnen. Ausf&uuml;hrliche Informationen zum Thema Datenschutz entnehmen Sie unserer unter diesem Text aufgef&uuml;hrten Datenschutzerkl&auml;rung.<\/p>\r\n<h3>Datenerfassung auf dieser Website<\/h3> <p><strong>Wer ist verantwortlich f&uuml;r die Datenerfassung auf dieser Website?<\/strong><\/p> <p>Die Datenverarbeitung auf dieser Website erfolgt durch den Websitebetreiber. Dessen Kontaktdaten k&ouml;nnen Sie dem Impressum dieser Website entnehmen.<\/p> <p><strong>Wie erfassen wir Ihre Daten?<\/strong><\/p> <p>Ihre Daten werden zum einen dadurch erhoben, dass Sie uns diese mitteilen. Hierbei kann es sich z.&nbsp;B. um Daten handeln, die Sie in ein Kontaktformular eingeben.<\/p> <p>Andere Daten werden automatisch beim Besuch der Website durch unsere IT-Systeme erfasst. Das sind vor allem technische Daten (z.&nbsp;B. Internetbrowser, Betriebssystem oder Uhrzeit des Seitenaufrufs). Die Erfassung dieser Daten erfolgt automatisch, sobald Sie diese Website betreten.<\/p> <p><strong>Wof&uuml;r nutzen wir Ihre Daten?<\/strong><\/p> <p>Ein Teil der Daten wird erhoben, um eine fehlerfreie Bereitstellung der Website zu gew&auml;hrleisten. Andere Daten k&ouml;nnen zur Analyse Ihres Nutzerverhaltens verwendet werden.<\/p> <p><strong>Welche Rechte haben Sie bez&uuml;glich Ihrer Daten?<\/strong><\/p> <p>Sie haben jederzeit das Recht unentgeltlich Auskunft &uuml;ber Herkunft, Empf&auml;nger und Zweck Ihrer gespeicherten personenbezogenen Daten zu erhalten. Sie haben au&szlig;erdem ein Recht, die Berichtigung oder L&ouml;schung dieser Daten zu verlangen. Hierzu sowie zu weiteren Fragen zum Thema Datenschutz k&ouml;nnen Sie sich jederzeit unter der im Impressum angegebenen Adresse an uns wenden. Des Weiteren steht Ihnen ein Beschwerderecht bei der zust&auml;ndigen Aufsichtsbeh&ouml;rde zu.<\/p> <p>Au&szlig;erdem haben Sie das Recht, unter bestimmten Umst&auml;nden die Einschr&auml;nkung der Verarbeitung Ihrer personenbezogenen Daten zu verlangen. Details hierzu entnehmen Sie der Datenschutzerkl&auml;rung unter &bdquo;Recht auf Einschr&auml;nkung der Verarbeitung&ldquo;.<\/p>\r\n<h3>Analyse-Tools und Tools von Drittanbietern<\/h3> <p>Beim Besuch dieser Website kann Ihr Surf-Verhalten statistisch ausgewertet werden. Das geschieht vor allem mit Cookies und mit sogenannten Analyseprogrammen. Die Analyse Ihres Surf-Verhaltens erfolgt in der Regel anonym; das Surf-Verhalten kann nicht zu Ihnen zur&uuml;ckverfolgt werden.<\/p> <p>Sie k&ouml;nnen dieser Analyse widersprechen oder sie durch die Nichtbenutzung bestimmter Tools verhindern. Detaillierte Informationen zu diesen Tools und &uuml;ber Ihre Widerspruchsm&ouml;glichkeiten finden Sie in der folgenden Datenschutzerkl&auml;rung.<\/p>\r\n<h2>2. Hosting und Content Delivery Networks (CDN)<\/h2>\r\n<h3>Externes Hosting<\/h3> <p>Diese Website wird bei einem externen Dienstleister gehostet (Hoster). Die personenbezogenen Daten, die auf dieser Website erfasst werden, werden auf den Servern des Hosters gespeichert. Hierbei kann es sich v. a. um IP-Adressen, Kontaktanfragen, Meta- und Kommunikationsdaten, Vertragsdaten, Kontaktdaten, Namen, Webseitenzugriffe und sonstige Daten, die &uuml;ber eine Website generiert werden, handeln.<\/p> <p>Der Einsatz des Hosters erfolgt zum Zwecke der Vertragserf&uuml;llung gegen&uuml;ber unseren potenziellen und bestehenden Kunden (Art. 6 Abs. 1 lit. b DSGVO) und im Interesse einer sicheren, schnellen und effizienten Bereitstellung unseres Online-Angebots durch einen professionellen Anbieter (Art. 6 Abs. 1 lit. f DSGVO).<\/p> <p>Unser Hoster wird Ihre Daten nur insoweit verarbeiten, wie dies zur Erf&uuml;llung seiner Leistungspflichten erforderlich ist und unsere Weisungen in Bezug auf diese Daten befolgen.<\/p>\r\n<p><strong>Abschluss eines Vertrages &uuml;ber Auftragsverarbeitung<\/strong><\/p> <p>Um die datenschutzkonforme Verarbeitung zu gew&auml;hrleisten, haben wir einen Vertrag &uuml;ber Auftragsverarbeitung mit unserem Hoster geschlossen.<\/p>\r\n<h2>3. Allgemeine Hinweise und Pflichtinformationen<\/h2>\r\n<h3>Datenschutz<\/h3> <p>Die Betreiber dieser Seiten nehmen den Schutz Ihrer pers&ouml;nlichen Daten sehr ernst. Wir behandeln Ihre personenbezogenen Daten vertraulich und entsprechend der gesetzlichen Datenschutzvorschriften sowie dieser Datenschutzerkl&auml;rung.<\/p> <p>Wenn Sie diese Website benutzen, werden verschiedene personenbezogene Daten erhoben. Personenbezogene Daten sind Daten, mit denen Sie pers&ouml;nlich identifiziert werden k&ouml;nnen. Die vorliegende Datenschutzerkl&auml;rung erl&auml;utert, welche Daten wir erheben und wof&uuml;r wir sie nutzen. Sie erl&auml;utert auch, wie und zu welchem Zweck das geschieht.<\/p> <p>Wir weisen darauf hin, dass die Daten&uuml;bertragung im Internet (z.&nbsp;B. bei der Kommunikation per E-Mail) Sicherheitsl&uuml;cken aufweisen kann. Ein l&uuml;ckenloser Schutz der Daten vor dem Zugriff durch Dritte ist nicht m&ouml;glich.<\/p>\r\n<h3>Hinweis zur verantwortlichen Stelle<\/h3> <p>Die verantwortliche Stelle f&uuml;r die Datenverarbeitung auf dieser Website ist:<\/p> <p>www.m&uuml;tterpflege-kaltenkirchen.de<br \/>\r\nJanna Navarro<br \/>\r\nAm Rapsfeld 15g<br \/>\r\n24568 Kaltenkirchen<\/p>\r\n\r\n<p>Telefon: &#091;0176 55266619 &#093;<br \/>\r\nE-Mail: &#091;info@m\u00fctterpflege-kaltenkirchen.de&#093;<\/p>\r\n <p>Verantwortliche Stelle ist die nat&uuml;rliche oder juristische Person, die allein oder gemeinsam mit anderen &uuml;ber die Zwecke und Mittel der Verarbeitung von personenbezogenen Daten (z.&nbsp;B. Namen, E-Mail-Adressen o. &Auml;.) entscheidet.<\/p>\r\n<h3>Widerruf Ihrer Einwilligung zur Datenverarbeitung<\/h3> <p>Viele Datenverarbeitungsvorg&auml;nge sind nur mit Ihrer ausdr&uuml;cklichen Einwilligung m&ouml;glich. Sie k&ouml;nnen eine bereits erteilte Einwilligung jederzeit widerrufen. Dazu reicht eine formlose Mitteilung per E-Mail an uns. Die Rechtm&auml;&szlig;igkeit der bis zum Widerruf erfolgten Datenverarbeitung bleibt vom Widerruf unber&uuml;hrt.<\/p>\r\n<h3>Widerspruchsrecht gegen die Datenerhebung in besonderen F&auml;llen sowie gegen Direktwerbung (Art. 21 DSGVO)<\/h3> <p>WENN DIE DATENVERARBEITUNG AUF GRUNDLAGE VON ART. 6 ABS. 1 LIT. E ODER F DSGVO ERFOLGT, HABEN SIE JEDERZEIT DAS RECHT, AUS GR&Uuml;NDEN, DIE SICH AUS IHRER BESONDEREN SITUATION ERGEBEN, GEGEN DIE VERARBEITUNG IHRER PERSONENBEZOGENEN DATEN WIDERSPRUCH EINZULEGEN; DIES GILT AUCH F&Uuml;R EIN AUF DIESE BESTIMMUNGEN GEST&Uuml;TZTES PROFILING. DIE JEWEILIGE RECHTSGRUNDLAGE, AUF DENEN EINE VERARBEITUNG BERUHT, ENTNEHMEN SIE DIESER DATENSCHUTZERKL&Auml;RUNG. WENN SIE WIDERSPRUCH EINLEGEN, WERDEN WIR IHRE BETROFFENEN PERSONENBEZOGENEN DATEN NICHT MEHR VERARBEITEN, ES SEI DENN, WIR K&Ouml;NNEN ZWINGENDE SCHUTZW&Uuml;RDIGE GR&Uuml;NDE F&Uuml;R DIE VERARBEITUNG NACHWEISEN, DIE IHRE INTERESSEN, RECHTE UND FREIHEITEN &Uuml;BERWIEGEN ODER DIE VERARBEITUNG DIENT DER GELTENDMACHUNG, AUS&Uuml;BUNG ODER VERTEIDIGUNG VON RECHTSANSPR&Uuml;CHEN (WIDERSPRUCH NACH ART. 21 ABS. 1 DSGVO).<\/p> <p>WERDEN IHRE PERSONENBEZOGENEN DATEN VERARBEITET, UM DIREKTWERBUNG ZU BETREIBEN, SO HABEN SIE DAS RECHT, JEDERZEIT WIDERSPRUCH GEGEN DIE VERARBEITUNG SIE BETREFFENDER PERSONENBEZOGENER DATEN ZUM ZWECKE DERARTIGER WERBUNG EINZULEGEN; DIES GILT AUCH F&Uuml;R DAS PROFILING, SOWEIT ES MIT SOLCHER DIREKTWERBUNG IN VERBINDUNG STEHT. WENN SIE WIDERSPRECHEN, WERDEN IHRE PERSONENBEZOGENEN DATEN ANSCHLIESSEND NICHT MEHR ZUM ZWECKE DER DIREKTWERBUNG VERWENDET (WIDERSPRUCH NACH ART. 21 ABS. 2 DSGVO).<\/p>\r\n<h3>Beschwerderecht bei der zust&auml;ndigen Aufsichtsbeh&ouml;rde<\/h3> <p>Im Falle von Verst&ouml;&szlig;en gegen die DSGVO steht den Betroffenen ein Beschwerderecht bei einer Aufsichtsbeh&ouml;rde, insbesondere in dem Mitgliedstaat ihres gew&ouml;hnlichen Aufenthalts, ihres Arbeitsplatzes oder des Orts des mutma&szlig;lichen Versto&szlig;es zu. Das Beschwerderecht besteht unbeschadet anderweitiger verwaltungsrechtlicher oder gerichtlicher Rechtsbehelfe.<\/p>\r\n<h3>Recht auf Daten&uuml;bertragbarkeit<\/h3> <p>Sie haben das Recht, Daten, die wir auf Grundlage Ihrer Einwilligung oder in Erf&uuml;llung eines Vertrags automatisiert verarbeiten, an sich oder an einen Dritten in einem g&auml;ngigen, maschinenlesbaren Format aush&auml;ndigen zu lassen. Sofern Sie die direkte &Uuml;bertragung der Daten an einen anderen Verantwortlichen verlangen, erfolgt dies nur, soweit es technisch machbar ist.<\/p>\r\n<h3>SSL- bzw. TLS-Verschl&uuml;sselung<\/h3> <p>Diese Seite nutzt aus Sicherheitsgr&uuml;nden und zum Schutz der &Uuml;bertragung vertraulicher Inhalte, wie zum Beispiel Bestellungen oder Anfragen, die Sie an uns als Seitenbetreiber senden, eine SSL- bzw. TLS-Verschl&uuml;sselung. Eine verschl&uuml;sselte Verbindung erkennen Sie daran, dass die Adresszeile des Browsers von &bdquo;http:\/\/&ldquo; auf &bdquo;https:\/\/&ldquo; wechselt und an dem Schloss-Symbol in Ihrer Browserzeile.<\/p> <p>Wenn die SSL- bzw. TLS-Verschl&uuml;sselung aktiviert ist, k&ouml;nnen die Daten, die Sie an uns &uuml;bermitteln, nicht von Dritten mitgelesen werden.<\/p>\r\n<h3>Auskunft, L&ouml;schung und Berichtigung<\/h3> <p>Sie haben im Rahmen der geltenden gesetzlichen Bestimmungen jederzeit das Recht auf unentgeltliche Auskunft &uuml;ber Ihre gespeicherten personenbezogenen Daten, deren Herkunft und Empf&auml;nger und den Zweck der Datenverarbeitung und ggf. ein Recht auf Berichtigung oder L&ouml;schung dieser Daten. Hierzu sowie zu weiteren Fragen zum Thema personenbezogene Daten k&ouml;nnen Sie sich jederzeit unter der im Impressum angegebenen Adresse an uns wenden.<\/p>\r\n<h3>Recht auf Einschr&auml;nkung der Verarbeitung<\/h3> <p>Sie haben das Recht, die Einschr&auml;nkung der Verarbeitung Ihrer personenbezogenen Daten zu verlangen. Hierzu k&ouml;nnen Sie sich jederzeit unter der im Impressum angegebenen Adresse an uns wenden. Das Recht auf Einschr&auml;nkung der Verarbeitung besteht in folgenden F&auml;llen:<\/p> <ul> <li>Wenn Sie die Richtigkeit Ihrer bei uns gespeicherten personenbezogenen Daten bestreiten, ben&ouml;tigen wir in der Regel Zeit, um dies zu &uuml;berpr&uuml;fen. F&uuml;r die Dauer der Pr&uuml;fung haben Sie das Recht, die Einschr&auml;nkung der Verarbeitung Ihrer personenbezogenen Daten zu verlangen.<\/li> <li>Wenn die Verarbeitung Ihrer personenbezogenen Daten unrechtm&auml;&szlig;ig geschah\/geschieht, k&ouml;nnen Sie statt der L&ouml;schung die Einschr&auml;nkung der Datenverarbeitung verlangen.<\/li> <li>Wenn wir Ihre personenbezogenen Daten nicht mehr ben&ouml;tigen, Sie sie jedoch zur Aus&uuml;bung, Verteidigung oder Geltendmachung von Rechtsanspr&uuml;chen ben&ouml;tigen, haben Sie das Recht, statt der L&ouml;schung die Einschr&auml;nkung der Verarbeitung Ihrer personenbezogenen Daten zu verlangen.<\/li> <li>Wenn Sie einen Widerspruch nach Art. 21 Abs. 1 DSGVO eingelegt haben, muss eine Abw&auml;gung zwischen Ihren und unseren Interessen vorgenommen werden. Solange noch nicht feststeht, wessen Interessen &uuml;berwiegen, haben Sie das Recht, die Einschr&auml;nkung der Verarbeitung Ihrer personenbezogenen Daten zu verlangen.<\/li> <\/ul> <p>Wenn Sie die Verarbeitung Ihrer personenbezogenen Daten eingeschr&auml;nkt haben, d&uuml;rfen diese Daten &ndash; von ihrer Speicherung abgesehen &ndash; nur mit Ihrer Einwilligung oder zur Geltendmachung, Aus&uuml;bung oder Verteidigung von Rechtsanspr&uuml;chen oder zum Schutz der Rechte einer anderen nat&uuml;rlichen oder juristischen Person oder aus Gr&uuml;nden eines wichtigen &ouml;ffentlichen Interesses der Europ&auml;ischen Union oder eines Mitgliedstaats verarbeitet werden.<\/p>\r\n<h3>Widerspruch gegen Werbe-E-Mails<\/h3> <p>Der Nutzung von im Rahmen der Impressumspflicht ver&ouml;ffentlichten Kontaktdaten zur &Uuml;bersendung von nicht ausdr&uuml;cklich angeforderter Werbung und Informationsmaterialien wird hiermit widersprochen. Die Betreiber der Seiten behalten sich ausdr&uuml;cklich rechtliche Schritte im Falle der unverlangten Zusendung von Werbeinformationen, etwa durch Spam-E-Mails, vor.<\/p>\r\n<h2>4. Datenerfassung auf dieser Website<\/h2>\r\n<h3>Server-Log-Dateien<\/h3> <p>Der Provider der Seiten erhebt und speichert automatisch Informationen in so genannten Server-Log-Dateien, die Ihr Browser automatisch an uns &uuml;bermittelt. Dies sind:<\/p> <ul> <li>Browsertyp und Browserversion<\/li> <li>verwendetes Betriebssystem<\/li> <li>Referrer URL<\/li> <li>Hostname des zugreifenden Rechners<\/li> <li>Uhrzeit der Serveranfrage<\/li> <li>IP-Adresse<\/li> <\/ul> <p>Eine Zusammenf&uuml;hrung dieser Daten mit anderen Datenquellen wird nicht vorgenommen.<\/p> <p>Die Erfassung dieser Daten erfolgt auf Grundlage von Art. 6 Abs. 1 lit. f DSGVO. Der Websitebetreiber hat ein berechtigtes Interesse an der technisch fehlerfreien Darstellung und der Optimierung seiner Website &ndash; hierzu m&uuml;ssen die Server-Log-Files erfasst werden.<\/p>\r\n<h3>Kontaktformular<\/h3> <p>Wenn Sie uns per Kontaktformular Anfragen zukommen lassen, werden Ihre Angaben aus dem Anfrageformular inklusive der von Ihnen dort angegebenen Kontaktdaten zwecks Bearbeitung der Anfrage und f&uuml;r den Fall von Anschlussfragen bei uns gespeichert. Diese Daten geben wir nicht ohne Ihre Einwilligung weiter.<\/p> <p>Die Verarbeitung dieser Daten erfolgt auf Grundlage von Art. 6 Abs. 1 lit. b DSGVO, sofern Ihre Anfrage mit der Erf&uuml;llung eines Vertrags zusammenh&auml;ngt oder zur Durchf&uuml;hrung vorvertraglicher Ma&szlig;nahmen erforderlich ist. In allen &uuml;brigen F&auml;llen beruht die Verarbeitung auf unserem berechtigten Interesse an der effektiven Bearbeitung der an uns gerichteten Anfragen (Art. 6 Abs. 1 lit. f DSGVO) oder auf Ihrer Einwilligung (Art. 6 Abs. 1 lit. a DSGVO) sofern diese abgefragt wurde.<\/p> <p>Die von Ihnen im Kontaktformular eingegebenen Daten verbleiben bei uns, bis Sie uns zur L&ouml;schung auffordern, Ihre Einwilligung zur Speicherung widerrufen oder der Zweck f&uuml;r die Datenspeicherung entf&auml;llt (z.&nbsp;B. nach abgeschlossener Bearbeitung Ihrer Anfrage). Zwingende gesetzliche Bestimmungen &ndash; insbesondere Aufbewahrungsfristen &ndash; bleiben unber&uuml;hrt.<\/p>\r\n<h3>Anfrage per E-Mail, Telefon oder Telefax<\/h3> <p>Wenn Sie uns per E-Mail, Telefon oder Telefax kontaktieren, wird Ihre Anfrage inklusive aller daraus hervorgehenden personenbezogenen Daten (Name, Anfrage) zum Zwecke der Bearbeitung Ihres Anliegens bei uns gespeichert und verarbeitet. Diese Daten geben wir nicht ohne Ihre Einwilligung weiter.<\/p> <p>Die Verarbeitung dieser Daten erfolgt auf Grundlage von Art. 6 Abs. 1 lit. b DSGVO, sofern Ihre Anfrage mit der Erf&uuml;llung eines Vertrags zusammenh&auml;ngt oder zur Durchf&uuml;hrung vorvertraglicher Ma&szlig;nahmen erforderlich ist. In allen &uuml;brigen F&auml;llen beruht die Verarbeitung auf Ihrer Einwilligung (Art. 6 Abs. 1 lit. a DSGVO) und\/oder auf unseren berechtigten Interessen (Art. 6 Abs. 1 lit. f DSGVO), da wir ein berechtigtes Interesse an der effektiven Bearbeitung der an uns gerichteten Anfragen haben.<\/p> <p>Die von Ihnen an uns per Kontaktanfragen &uuml;bersandten Daten verbleiben bei uns, bis Sie uns zur L&ouml;schung auffordern, Ihre Einwilligung zur Speicherung widerrufen oder der Zweck f&uuml;r die Datenspeicherung entf&auml;llt (z.&nbsp;B. nach abgeschlossener Bearbeitung Ihres Anliegens). Zwingende gesetzliche Bestimmungen &ndash; insbesondere gesetzliche Aufbewahrungsfristen &ndash; bleiben unber&uuml;hrt.<\/p>\r\n<h2>5. Soziale Medien<\/h2>\r\n<h3>Facebook Plugins (Like &amp; Share-Button)<\/h3> <p>Auf dieser Website sind Plugins des sozialen Netzwerks Facebook integriert. Anbieter dieses Dienstes ist die Facebook Ireland Limited, 4 Grand Canal Square, Dublin 2, Irland. Die erfassten Daten werden nach Aussage von Facebook jedoch auch in die USA und in andere Drittl&auml;nder &uuml;bertragen.<\/p> <p>Die Facebook Plugins erkennen Sie an dem Facebook-Logo oder dem &bdquo;Like-Button&ldquo; (&bdquo;Gef&auml;llt mir&ldquo;) auf dieser Website. Eine &Uuml;bersicht &uuml;ber die Facebook Plugins finden Sie hier: <a href=\"https:\/\/developers.facebook.com\/docs\/plugins\/?locale=de_DE\" target=\"_blank\" rel=\"noopener noreferrer\">https:\/\/developers.facebook.com\/docs\/plugins\/?locale=de_DE<\/a>.<\/p> <p>Wenn Sie diese Website besuchen, wird &uuml;ber das Plugin eine direkte Verbindung zwischen Ihrem Browser und dem Facebook-Server hergestellt. Facebook erh&auml;lt dadurch die Information, dass Sie mit Ihrer IP-Adresse diese Website besucht haben. Wenn Sie den Facebook &bdquo;Like-Button&ldquo; anklicken w&auml;hrend Sie in Ihrem Facebook-Account eingeloggt sind, k&ouml;nnen Sie die Inhalte dieser Website auf Ihrem Facebook-Profil verlinken. Dadurch kann Facebook den Besuch dieser Website Ihrem Benutzerkonto zuordnen. Wir weisen darauf hin, dass wir als Anbieter der Seiten keine Kenntnis vom Inhalt der &uuml;bermittelten Daten sowie deren Nutzung durch Facebook erhalten. Weitere Informationen hierzu finden Sie in der Datenschutzerkl&auml;rung von Facebook unter: <a href=\"https:\/\/de-de.facebook.com\/privacy\/explanation\" target=\"_blank\" rel=\"noopener noreferrer\">https:\/\/de-de.facebook.com\/privacy\/explanation<\/a>.<\/p> <p>Wenn Sie nicht w&uuml;nschen, dass Facebook den Besuch dieser Website Ihrem Facebook-Nutzerkonto zuordnen kann, loggen Sie sich bitte aus Ihrem Facebook-Benutzerkonto aus.<\/p> <p>Die Verwendung der Facebook Plugins erfolgt auf Grundlage von Art. 6 Abs. 1 lit. f DSGVO. Der Websitebetreiber hat ein berechtigtes Interesse an einer m&ouml;glichst umfangreichen Sichtbarkeit in den Sozialen Medien.<\/p>\r\n<h2>6. Newsletter<\/h2>\r\n<h3>Newsletterdaten<\/h3> <p>Wenn Sie den auf der Website angebotenen Newsletter beziehen m&ouml;chten, ben&ouml;tigen wir von Ihnen eine E-Mail-Adresse sowie Informationen, welche uns die &Uuml;berpr&uuml;fung gestatten, dass Sie der Inhaber der angegebenen E-Mail-Adresse sind und mit dem Empfang des Newsletters einverstanden sind. Weitere Daten werden nicht bzw. nur auf freiwilliger Basis erhoben. Diese Daten verwenden wir ausschlie&szlig;lich f&uuml;r den Versand der angeforderten Informationen und geben diese nicht an Dritte weiter.<\/p> <p>Die Verarbeitung der in das Newsletteranmeldeformular eingegebenen Daten erfolgt ausschlie&szlig;lich auf Grundlage Ihrer Einwilligung (Art. 6 Abs. 1 lit. a DSGVO). Die erteilte Einwilligung zur Speicherung der Daten, der E-Mail-Adresse sowie deren Nutzung zum Versand des Newsletters k&ouml;nnen Sie jederzeit widerrufen, etwa &uuml;ber den &bdquo;Austragen&ldquo;-Link im Newsletter. Die Rechtm&auml;&szlig;igkeit der bereits erfolgten Datenverarbeitungsvorg&auml;nge bleibt vom Widerruf unber&uuml;hrt.<\/p> <p>Die von Ihnen zum Zwecke des Newsletter-Bezugs bei uns hinterlegten Daten werden von uns bis zu Ihrer Austragung aus dem Newsletter bei uns bzw. dem Newsletterdiensteanbieter gespeichert und nach der Abbestellung des Newsletters aus der Newsletterverteilerliste gel&ouml;scht. Daten, die zu anderen Zwecken bei uns gespeichert wurden bleiben hiervon unber&uuml;hrt.<\/p> <p>Nach Ihrer Austragung aus der Newsletterverteilerliste wird Ihre E-Mail-Adresse bei uns bzw. dem Newsletterdiensteanbieter ggf. in einer Blacklist gespeichert, um k&uuml;nftige Mailings zu verhindern. Die Daten aus der Blacklist werden nur f&uuml;r diesen Zweck verwendet und nicht mit anderen Daten zusammengef&uuml;hrt. Dies dient sowohl Ihrem Interesse als auch unserem Interesse an der Einhaltung der gesetzlichen Vorgaben beim Versand von Newslettern (berechtigtes Interesse im Sinne des Art. 6 Abs. 1 lit. f DSGVO). Die Speicherung in der Blacklist ist zeitlich nicht befristet. <strong>Sie k&ouml;nnen der Speicherung widersprechen, sofern Ihre Interessen unser berechtigtes Interesse &uuml;berwiegen.<\/strong><\/p>\r\n<h2>7. Plugins und Tools<\/h2>\r\n<h3>Google Web Fonts<\/h3> <p>Diese Seite nutzt zur einheitlichen Darstellung von Schriftarten so genannte Web Fonts, die von Google bereitgestellt werden. Die Google Fonts sind lokal installiert. Eine Verbindung zu Servern von Google findet dabei nicht statt.<\/p> <p>Weitere Informationen zu Google Web Fonts finden Sie unter <a href=\"https:\/\/developers.google.com\/fonts\/faq\" target=\"_blank\" rel=\"noopener noreferrer\">https:\/\/developers.google.com\/fonts\/faq<\/a> und in der Datenschutzerkl&auml;rung von Google: <a href=\"https:\/\/policies.google.com\/privacy?hl=de\" target=\"_blank\" rel=\"noopener noreferrer\">https:\/\/policies.google.com\/privacy?hl=de<\/a>.<\/p>\r\n<h3>Google Maps<\/h3> <p>Diese Seite nutzt &uuml;ber eine API den Kartendienst Google Maps. Anbieter ist die Google Ireland Limited (&bdquo;Google&ldquo;), Gordon House, Barrow Street, Dublin 4, Irland.<\/p> <p>Zur Nutzung der Funktionen von Google Maps ist es notwendig, Ihre IP Adresse zu speichern. Diese Informationen werden in der Regel an einen Server von Google in den USA &uuml;bertragen und dort gespeichert. Der Anbieter dieser Seite hat keinen Einfluss auf diese Daten&uuml;bertragung.<\/p> <p>Die Nutzung von Google Maps erfolgt im Interesse einer ansprechenden Darstellung unserer Online-Angebote und an einer leichten Auffindbarkeit der von uns auf der Website angegebenen Orte. Dies stellt ein berechtigtes Interesse im Sinne von Art. 6 Abs. 1 lit. f DSGVO dar.<\/p> <p>Mehr Informationen zum Umgang mit Nutzerdaten finden Sie in der Datenschutzerkl&auml;rung von Google: <a href=\"https:\/\/policies.google.com\/privacy?hl=de\" target=\"_blank\" rel=\"noopener noreferrer\">https:\/\/policies.google.com\/privacy?hl=de<\/a>.<\/p>\r\n<p>Quelle: <a href=\"https:\/\/www.e-recht24.de\">https:\/\/www.e-recht24.de<\/a><\/p>\r\n<\/div>\r\n <\/div>\t\t\t\t<\/div>\n\t\t\t\t<\/div>\n\t\t\t\t\t<\/div>\n\t\t<\/div>\n\t\t\t\t\t<\/div>\n\t\t<\/section>\n\t\t\t\t<section class=\"elementor-section elementor-top-section elementor-element elementor-element-604634a8 elementor-section-boxed elementor-section-height-default elementor-section-height-default\" data-id=\"604634a8\" data-element_type=\"section\" data-settings=\"{&quot;background_background&quot;:&quot;slideshow&quot;,&quot;background_slideshow_gallery&quot;:[{&quot;id&quot;:51,&quot;url&quot;:&quot;https:\\\/\\\/xn--mtterpflege-kaltenkirchen-fwc.de\\\/wp-content\\\/uploads\\\/2021\\\/09\\\/Hintergrund-Mamaherz-1-e1633096342399.jpg&quot;}],&quot;background_slideshow_slide_duration&quot;:5000,&quot;background_slideshow_slide_transition&quot;:&quot;fade&quot;,&quot;background_slideshow_transition_duration&quot;:500}\">\n\t\t\t\t\t\t<div class=\"elementor-container elementor-column-gap-default\">\n\t\t\t\t\t<div class=\"elementor-column elementor-col-25 elementor-top-column elementor-element elementor-element-48449bfd\" data-id=\"48449bfd\" data-element_type=\"column\">\n\t\t\t<div class=\"elementor-widget-wrap elementor-element-populated\">\n\t\t\t\t\t\t<div class=\"elementor-element elementor-element-887c19d elementor-icon-list--layout-traditional elementor-list-item-link-full_width elementor-widget elementor-widget-icon-list\" data-id=\"887c19d\" data-element_type=\"widget\" data-widget_type=\"icon-list.default\">\n\t\t\t\t\t\t\t<ul class=\"elementor-icon-list-items\">\n\t\t\t\t\t\t\t<li class=\"elementor-icon-list-item\">\n\t\t\t\t\t\t\t\t\t\t<span class=\"elementor-icon-list-text\">Janna Navarro<\/span>\n\t\t\t\t\t\t\t\t\t<\/li>\n\t\t\t\t\t\t\t\t<li class=\"elementor-icon-list-item\">\n\t\t\t\t\t\t\t\t\t\t\t<span class=\"elementor-icon-list-icon\">\n\t\t\t\t\t\t\t<svg aria-hidden=\"true\" class=\"e-font-icon-svg e-fas-route\" viewBox=\"0 0 512 512\" xmlns=\"http:\/\/www.w3.org\/2000\/svg\"><path d=\"M416 320h-96c-17.6 0-32-14.4-32-32s14.4-32 32-32h96s96-107 96-160-43-96-96-96-96 43-96 96c0 25.5 22.2 63.4 45.3 96H320c-52.9 0-96 43.1-96 96s43.1 96 96 96h96c17.6 0 32 14.4 32 32s-14.4 32-32 32H185.5c-16 24.8-33.8 47.7-47.3 64H416c52.9 0 96-43.1 96-96s-43.1-96-96-96zm0-256c17.7 0 32 14.3 32 32s-14.3 32-32 32-32-14.3-32-32 14.3-32 32-32zM96 256c-53 0-96 43-96 96s96 160 96 160 96-107 96-160-43-96-96-96zm0 128c-17.7 0-32-14.3-32-32s14.3-32 32-32 32 14.3 32 32-14.3 32-32 32z\"><\/path><\/svg>\t\t\t\t\t\t<\/span>\n\t\t\t\t\t\t\t\t\t\t<span class=\"elementor-icon-list-text\">Am Rapsfeld 15g, Kaltenkirchen<\/span>\n\t\t\t\t\t\t\t\t\t<\/li>\n\t\t\t\t\t\t\t\t<li class=\"elementor-icon-list-item\">\n\t\t\t\t\t\t\t\t\t\t\t<span class=\"elementor-icon-list-icon\">\n\t\t\t\t\t\t\t<svg aria-hidden=\"true\" class=\"e-font-icon-svg e-fas-phone\" viewBox=\"0 0 512 512\" xmlns=\"http:\/\/www.w3.org\/2000\/svg\"><path d=\"M493.4 24.6l-104-24c-11.3-2.6-22.9 3.3-27.5 13.9l-48 112c-4.2 9.8-1.4 21.3 6.9 28l60.6 49.6c-36 76.7-98.9 140.5-177.2 177.2l-49.6-60.6c-6.8-8.3-18.2-11.1-28-6.9l-112 48C3.9 366.5-2 378.1.6 389.4l24 104C27.1 504.2 36.7 512 48 512c256.1 0 464-207.5 464-464 0-11.2-7.7-20.9-18.6-23.4z\"><\/path><\/svg>\t\t\t\t\t\t<\/span>\n\t\t\t\t\t\t\t\t\t\t<span class=\"elementor-icon-list-text\">0176 55266619<\/span>\n\t\t\t\t\t\t\t\t\t<\/li>\n\t\t\t\t\t\t\t\t<li class=\"elementor-icon-list-item\">\n\t\t\t\t\t\t\t\t\t\t\t<span class=\"elementor-icon-list-icon\">\n\t\t\t\t\t\t\t<svg aria-hidden=\"true\" class=\"e-font-icon-svg e-fas-mail-bulk\" viewBox=\"0 0 576 512\" xmlns=\"http:\/\/www.w3.org\/2000\/svg\"><path d=\"M160 448c-25.6 0-51.2-22.4-64-32-64-44.8-83.2-60.8-96-70.4V480c0 17.67 14.33 32 32 32h256c17.67 0 32-14.33 32-32V345.6c-12.8 9.6-32 25.6-96 70.4-12.8 9.6-38.4 32-64 32zm128-192H32c-17.67 0-32 14.33-32 32v16c25.6 19.2 22.4 19.2 115.2 86.4 9.6 6.4 28.8 25.6 44.8 25.6s35.2-19.2 44.8-22.4c92.8-67.2 89.6-67.2 115.2-86.4V288c0-17.67-14.33-32-32-32zm256-96H224c-17.67 0-32 14.33-32 32v32h96c33.21 0 60.59 25.42 63.71 57.82l.29-.22V416h192c17.67 0 32-14.33 32-32V192c0-17.67-14.33-32-32-32zm-32 128h-64v-64h64v64zm-352-96c0-35.29 28.71-64 64-64h224V32c0-17.67-14.33-32-32-32H96C78.33 0 64 14.33 64 32v192h96v-32z\"><\/path><\/svg>\t\t\t\t\t\t<\/span>\n\t\t\t\t\t\t\t\t\t\t<span class=\"elementor-icon-list-text\">janna@muetterpflege-kaltenkirchen.de<\/span>\n\t\t\t\t\t\t\t\t\t<\/li>\n\t\t\t\t\t\t<\/ul>\n\t\t\t\t\t\t<\/div>\n\t\t\t\t\t<\/div>\n\t\t<\/div>\n\t\t\t\t<div class=\"elementor-column elementor-col-50 elementor-top-column elementor-element elementor-element-37ac045c\" data-id=\"37ac045c\" data-element_type=\"column\">\n\t\t\t<div class=\"elementor-widget-wrap elementor-element-populated\">\n\t\t\t\t\t\t<div class=\"elementor-element elementor-element-78397834 elementor-icon-list--layout-traditional elementor-list-item-link-full_width elementor-widget elementor-widget-icon-list\" data-id=\"78397834\" data-element_type=\"widget\" data-widget_type=\"icon-list.default\">\n\t\t\t\t\t\t\t<ul class=\"elementor-icon-list-items\">\n\t\t\t\t\t\t\t<li class=\"elementor-icon-list-item\">\n\t\t\t\t\t\t\t\t\t\t<span class=\"elementor-icon-list-text\">Hier bin ich f\u00fcr dich da<\/span>\n\t\t\t\t\t\t\t\t\t<\/li>\n\t\t\t\t\t\t\t\t<li class=\"elementor-icon-list-item\">\n\t\t\t\t\t\t\t\t\t\t<span class=\"elementor-icon-list-text\">Hamburg Nord<\/span>\n\t\t\t\t\t\t\t\t\t<\/li>\n\t\t\t\t\t\t\t\t<li class=\"elementor-icon-list-item\">\n\t\t\t\t\t\t\t\t\t\t<span class=\"elementor-icon-list-text\">Kreis Bad Segeberg<\/span>\n\t\t\t\t\t\t\t\t\t<\/li>\n\t\t\t\t\t\t\t\t<li class=\"elementor-icon-list-item\">\n\t\t\t\t\t\t\t\t\t\t<span class=\"elementor-icon-list-text\">Kreis Pinneberg Ost<\/span>\n\t\t\t\t\t\t\t\t\t<\/li>\n\t\t\t\t\t\t\t\t<li class=\"elementor-icon-list-item\">\n\t\t\t\t\t\t\t\t\t\t<span class=\"elementor-icon-list-text\">Neum\u00fcnster<\/span>\n\t\t\t\t\t\t\t\t\t<\/li>\n\t\t\t\t\t\t<\/ul>\n\t\t\t\t\t\t<\/div>\n\t\t\t\t\t<\/div>\n\t\t<\/div>\n\t\t\t\t<div class=\"elementor-column elementor-col-25 elementor-top-column elementor-element elementor-element-16059e5f\" data-id=\"16059e5f\" data-element_type=\"column\">\n\t\t\t<div class=\"elementor-widget-wrap elementor-element-populated\">\n\t\t\t\t\t\t<div class=\"elementor-element elementor-element-766b354b elementor-icon-list--layout-traditional elementor-list-item-link-full_width elementor-widget elementor-widget-icon-list\" data-id=\"766b354b\" data-element_type=\"widget\" data-widget_type=\"icon-list.default\">\n\t\t\t\t\t\t\t<ul class=\"elementor-icon-list-items\">\n\t\t\t\t\t\t\t<li class=\"elementor-icon-list-item\">\n\t\t\t\t\t\t\t\t\t\t\t<a href=\"https:\/\/www.muetterpflege-hamburg.de\">\n\n\t\t\t\t\t\t\t\t\t\t\t\t<span class=\"elementor-icon-list-icon\">\n\t\t\t\t\t\t\t<svg aria-hidden=\"true\" class=\"e-font-icon-svg e-fas-link\" viewBox=\"0 0 512 512\" xmlns=\"http:\/\/www.w3.org\/2000\/svg\"><path d=\"M326.612 185.391c59.747 59.809 58.927 155.698.36 214.59-.11.12-.24.25-.36.37l-67.2 67.2c-59.27 59.27-155.699 59.262-214.96 0-59.27-59.26-59.27-155.7 0-214.96l37.106-37.106c9.84-9.84 26.786-3.3 27.294 10.606.648 17.722 3.826 35.527 9.69 52.721 1.986 5.822.567 12.262-3.783 16.612l-13.087 13.087c-28.026 28.026-28.905 73.66-1.155 101.96 28.024 28.579 74.086 28.749 102.325.51l67.2-67.19c28.191-28.191 28.073-73.757 0-101.83-3.701-3.694-7.429-6.564-10.341-8.569a16.037 16.037 0 0 1-6.947-12.606c-.396-10.567 3.348-21.456 11.698-29.806l21.054-21.055c5.521-5.521 14.182-6.199 20.584-1.731a152.482 152.482 0 0 1 20.522 17.197zM467.547 44.449c-59.261-59.262-155.69-59.27-214.96 0l-67.2 67.2c-.12.12-.25.25-.36.37-58.566 58.892-59.387 154.781.36 214.59a152.454 152.454 0 0 0 20.521 17.196c6.402 4.468 15.064 3.789 20.584-1.731l21.054-21.055c8.35-8.35 12.094-19.239 11.698-29.806a16.037 16.037 0 0 0-6.947-12.606c-2.912-2.005-6.64-4.875-10.341-8.569-28.073-28.073-28.191-73.639 0-101.83l67.2-67.19c28.239-28.239 74.3-28.069 102.325.51 27.75 28.3 26.872 73.934-1.155 101.96l-13.087 13.087c-4.35 4.35-5.769 10.79-3.783 16.612 5.864 17.194 9.042 34.999 9.69 52.721.509 13.906 17.454 20.446 27.294 10.606l37.106-37.106c59.271-59.259 59.271-155.699.001-214.959z\"><\/path><\/svg>\t\t\t\t\t\t<\/span>\n\t\t\t\t\t\t\t\t\t\t<span class=\"elementor-icon-list-text\">Begleitung in der Schwangerschaft und Wochenbettzeit<\/span>\n\t\t\t\t\t\t\t\t\t\t\t<\/a>\n\t\t\t\t\t\t\t\t\t<\/li>\n\t\t\t\t\t\t\t\t<li class=\"elementor-icon-list-item\">\n\t\t\t\t\t\t\t\t\t\t\t<a href=\"https:\/\/de.wikipedia.org\/wiki\/M%C3%BCtterpflege\">\n\n\t\t\t\t\t\t\t\t\t\t\t\t<span class=\"elementor-icon-list-icon\">\n\t\t\t\t\t\t\t<svg aria-hidden=\"true\" class=\"e-font-icon-svg e-fas-link\" viewBox=\"0 0 512 512\" xmlns=\"http:\/\/www.w3.org\/2000\/svg\"><path d=\"M326.612 185.391c59.747 59.809 58.927 155.698.36 214.59-.11.12-.24.25-.36.37l-67.2 67.2c-59.27 59.27-155.699 59.262-214.96 0-59.27-59.26-59.27-155.7 0-214.96l37.106-37.106c9.84-9.84 26.786-3.3 27.294 10.606.648 17.722 3.826 35.527 9.69 52.721 1.986 5.822.567 12.262-3.783 16.612l-13.087 13.087c-28.026 28.026-28.905 73.66-1.155 101.96 28.024 28.579 74.086 28.749 102.325.51l67.2-67.19c28.191-28.191 28.073-73.757 0-101.83-3.701-3.694-7.429-6.564-10.341-8.569a16.037 16.037 0 0 1-6.947-12.606c-.396-10.567 3.348-21.456 11.698-29.806l21.054-21.055c5.521-5.521 14.182-6.199 20.584-1.731a152.482 152.482 0 0 1 20.522 17.197zM467.547 44.449c-59.261-59.262-155.69-59.27-214.96 0l-67.2 67.2c-.12.12-.25.25-.36.37-58.566 58.892-59.387 154.781.36 214.59a152.454 152.454 0 0 0 20.521 17.196c6.402 4.468 15.064 3.789 20.584-1.731l21.054-21.055c8.35-8.35 12.094-19.239 11.698-29.806a16.037 16.037 0 0 0-6.947-12.606c-2.912-2.005-6.64-4.875-10.341-8.569-28.073-28.073-28.191-73.639 0-101.83l67.2-67.19c28.239-28.239 74.3-28.069 102.325.51 27.75 28.3 26.872 73.934-1.155 101.96l-13.087 13.087c-4.35 4.35-5.769 10.79-3.783 16.612 5.864 17.194 9.042 34.999 9.69 52.721.509 13.906 17.454 20.446 27.294 10.606l37.106-37.106c59.271-59.259 59.271-155.699.001-214.959z\"><\/path><\/svg>\t\t\t\t\t\t<\/span>\n\t\t\t\t\t\t\t\t\t\t<span class=\"elementor-icon-list-text\">M\u00fctterpflege WIKI<\/span>\n\t\t\t\t\t\t\t\t\t\t\t<\/a>\n\t\t\t\t\t\t\t\t\t<\/li>\n\t\t\t\t\t\t\t\t<li class=\"elementor-icon-list-item\">\n\t\t\t\t\t\t\t\t\t\t\t<a href=\"https:\/\/wochenpflege.de\/Ausbildung-zur-Muetterpflegerin\/Inhalt-der-Qualifikation\">\n\n\t\t\t\t\t\t\t\t\t\t\t\t<span class=\"elementor-icon-list-icon\">\n\t\t\t\t\t\t\t<svg aria-hidden=\"true\" class=\"e-font-icon-svg e-fas-link\" viewBox=\"0 0 512 512\" xmlns=\"http:\/\/www.w3.org\/2000\/svg\"><path d=\"M326.612 185.391c59.747 59.809 58.927 155.698.36 214.59-.11.12-.24.25-.36.37l-67.2 67.2c-59.27 59.27-155.699 59.262-214.96 0-59.27-59.26-59.27-155.7 0-214.96l37.106-37.106c9.84-9.84 26.786-3.3 27.294 10.606.648 17.722 3.826 35.527 9.69 52.721 1.986 5.822.567 12.262-3.783 16.612l-13.087 13.087c-28.026 28.026-28.905 73.66-1.155 101.96 28.024 28.579 74.086 28.749 102.325.51l67.2-67.19c28.191-28.191 28.073-73.757 0-101.83-3.701-3.694-7.429-6.564-10.341-8.569a16.037 16.037 0 0 1-6.947-12.606c-.396-10.567 3.348-21.456 11.698-29.806l21.054-21.055c5.521-5.521 14.182-6.199 20.584-1.731a152.482 152.482 0 0 1 20.522 17.197zM467.547 44.449c-59.261-59.262-155.69-59.27-214.96 0l-67.2 67.2c-.12.12-.25.25-.36.37-58.566 58.892-59.387 154.781.36 214.59a152.454 152.454 0 0 0 20.521 17.196c6.402 4.468 15.064 3.789 20.584-1.731l21.054-21.055c8.35-8.35 12.094-19.239 11.698-29.806a16.037 16.037 0 0 0-6.947-12.606c-2.912-2.005-6.64-4.875-10.341-8.569-28.073-28.073-28.191-73.639 0-101.83l67.2-67.19c28.239-28.239 74.3-28.069 102.325.51 27.75 28.3 26.872 73.934-1.155 101.96l-13.087 13.087c-4.35 4.35-5.769 10.79-3.783 16.612 5.864 17.194 9.042 34.999 9.69 52.721.509 13.906 17.454 20.446 27.294 10.606l37.106-37.106c59.271-59.259 59.271-155.699.001-214.959z\"><\/path><\/svg>\t\t\t\t\t\t<\/span>\n\t\t\t\t\t\t\t\t\t\t<span class=\"elementor-icon-list-text\">Inhalte der Ausbildung zur M\u00fctterpflegerin<\/span>\n\t\t\t\t\t\t\t\t\t\t\t<\/a>\n\t\t\t\t\t\t\t\t\t<\/li>\n\t\t\t\t\t\t<\/ul>\n\t\t\t\t\t\t<\/div>\n\t\t\t\t\t<\/div>\n\t\t<\/div>\n\t\t\t\t\t<\/div>\n\t\t<\/section>\n\t\t\t\t<\/div>\n\t\t","protected":false},"excerpt":{"rendered":"<p>Impressum\/Datenschutz Datenschutz Janna Navarro Am Rapsfeld 15g, Kaltenkirchen 0176 55266619 janna@muetterpflege-kaltenkirchen.de Hier bin ich f\u00fcr dich da Hamburg Nord Kreis Bad Segeberg Kreis Pinneberg Ost Neum\u00fcnster Begleitung in der Schwangerschaft und Wochenbettzeit M\u00fctterpflege WIKI Inhalte der Ausbildung zur M\u00fctterpflegerin<\/p>\n","protected":false},"author":1,"featured_media":0,"parent":0,"menu_order":0,"comment_status":"closed","ping_status":"closed","template":"elementor_canvas","meta":{"footnotes":""},"class_list":["post-337","page","type-page","status-publish","hentry"],"_links":{"self":[{"href":"https:\/\/xn--mtterpflege-kaltenkirchen-fwc.de\/index.php?rest_route=\/wp\/v2\/pages\/337","targetHints":{"allow":["GET"]}}],"collection":[{"href":"https:\/\/xn--mtterpflege-kaltenkirchen-fwc.de\/index.php?rest_route=\/wp\/v2\/pages"}],"about":[{"href":"https:\/\/xn--mtterpflege-kaltenkirchen-fwc.de\/index.php?rest_route=\/wp\/v2\/types\/page"}],"author":[{"embeddable":true,"href":"https:\/\/xn--mtterpflege-kaltenkirchen-fwc.de\/index.php?rest_route=\/wp\/v2\/users\/1"}],"replies":[{"embeddable":true,"href":"https:\/\/xn--mtterpflege-kaltenkirchen-fwc.de\/index.php?rest_route=%2Fwp%2Fv2%2Fcomments&post=337"}],"version-history":[{"count":50,"href":"https:\/\/xn--mtterpflege-kaltenkirchen-fwc.de\/index.php?rest_route=\/wp\/v2\/pages\/337\/revisions"}],"predecessor-version":[{"id":497,"href":"https:\/\/xn--mtterpflege-kaltenkirchen-fwc.de\/index.php?rest_route=\/wp\/v2\/pages\/337\/revisions\/497"}],"wp:attachment":[{"href":"https:\/\/xn--mtterpflege-kaltenkirchen-fwc.de\/index.php?rest_route=%2Fwp%2Fv2%2Fmedia&parent=337"}],"curies":[{"name":"wp","href":"https:\/\/api.w.org\/{rel}","templated":true}]}}